{"id":3446,"date":"2020-04-04T17:26:35","date_gmt":"2020-04-04T15:26:35","guid":{"rendered":"http:\/\/blog-bobika.eu\/?page_id=3446"},"modified":"2020-04-04T17:28:34","modified_gmt":"2020-04-04T15:28:34","slug":"kronika-coronawirusa-de","status":"publish","type":"page","link":"https:\/\/blog-bobika.eu\/?page_id=3446","title":{"rendered":"Kronika coronawirusa DE"},"content":{"rendered":"<p><a href=\"https:\/\/www.bundesgesundheitsministerium.de\/coronavirus\/chronik-coronavirus.html\">https:\/\/www.bundesgesundheitsministerium.de\/coronavirus\/chronik-coronavirus.html<\/a><\/p>\n<p>3 kwietnia 2020 r<br \/>\nDo ko\u0144ca tygodnia przyby\u0142o do Niemiec 37 milion\u00f3w masek ochronnych. \u201eByli\u015bmy w stanie zdoby\u0107 i dystrybuowa\u0107 sprz\u0119t ochronny\u201d &#8211; powiedzia\u0142 federalny minister zdrowia Jens Spahn podczas wizyty w centrum logistycznym FIEGE w Apfelst\u00e4dt \/ Turyngia. W tym przypadku sprz\u0119t ochronny medyczny, kt\u00f3rego potrzebujemy, aby poradzi\u0107 sobie z epidemi\u0105 korony, jest dostarczany i dostarczany centralnie.<\/p>\n<p>Bardzo si\u0119 ciesz\u0119, \u017ce tu jestem i \u017ce mog\u0142em zdoby\u0107 i rozprowadzi\u0107 wyposa\u017cenie ochronne. Wykorzystali\u015bmy czas i przygotowali\u015bmy si\u0119. Ale jeszcze nie jeste\u015bmy za g\u00f3r\u0105. Musimy chroni\u0107 naszych lekarzy, nasze piel\u0119gniarki &#8211; wszystkich, kt\u00f3rzy obecnie pr\u00f3buj\u0105 powstrzyma\u0107 koronawirusa w szpitalach, gabinetach lekarskich, domach opieki, leczy\u0107 pacjent\u00f3w i opiekowa\u0107 si\u0119 chorymi -. Pracujemy w tym z pe\u0142nym zaanga\u017cowaniem.<\/p>\n<p>Federalny Minister Zdrowia Jens Spahn<br \/>\nNiemiecki przemys\u0142 farmaceutyczny i chemiczny obieca\u0142 Federalnej Ministrowi Zdrowia Jensowi Spahnowi po\u0142\u0105czy\u0107 si\u0142y w celu zaopatrzenia systemu opieki zdrowotnej w \u015brodki dezynfekuj\u0105ce. W tym celu platforma \u201eAwaryjne zasilanie dezynfekuj\u0105ce\u201d zostanie wkr\u00f3tce uruchomiona. Przede wszystkim pomoc szpitalom, plac\u00f3wkom opieki i praktykom medycznym ma by\u0107 skutecznie koordynowana w ca\u0142ym kraju za po\u015brednictwem cyfrowego rynku. Ma to na celu wsparcie \u0142a\u0144cuch\u00f3w dostaw, u\u0142atwienie kontakt\u00f3w mi\u0119dzy podmiotami i informacji o pakiecie.<\/p>\n<p>Potrzebujemy teraz dobrych i szybkich rozwi\u0105za\u0144, aby zaspokoi\u0107 piln\u0105 potrzeb\u0119 \u015brodk\u00f3w dezynfekuj\u0105cych. Inicjatywa przemys\u0142u chemicznego i farmaceutycznego po raz kolejny pokazuje, \u017ce niemiecka gospodarka jest zobowi\u0105zana do odpowiedzialno\u015bci, szczeg\u00f3lnie w tych trudnych czasach. Chcia\u0142bym podzi\u0119kowa\u0107 wszystkim firmom uczestnicz\u0105cym w nowej platformie cyfrowej.<\/p>\n<p>Federalny Minister Zdrowia Jens Spahn<br \/>\nWi\u0119cej informacji na temat inicjatywy dotycz\u0105cej pomocy w nag\u0142ych wypadkach przy u\u017cyciu \u015brodk\u00f3w dezynfekuj\u0105cych w ca\u0142ych Niemczech mo\u017cna znale\u017a\u0107 w komunikacie prasowym VCI .<\/p>\n<p>1 kwietnia 2020 r<br \/>\nUstawa o ochronie przed infekcjami, kt\u00f3ra wesz\u0142a w \u017cycie 28 marca 2020 r., Umo\u017cliwia teraz: Ze skutkiem natychmiastowym loty z Iranu do Niemiec s\u0105 zabronione ( pobieranie rozporz\u0105dzenia &#8211; plik PDF ).<\/p>\n<p>Nak\u0142adamy surowe ograniczenia na epidemi\u0119 w Niemczech, poniewa\u017c nie mo\u017cemy zezwoli\u0107 na loty z tego obszaru wysokiego ryzyka. Zw\u0142aszcza, \u017ce \u200b\u200bfaktyczne wydarzenia w Iranie s\u0105 bardzo nieprzejrzyste.<\/p>\n<p>Federalny Minister Zdrowia Jens Spahn<br \/>\n31 marca 2020 r<br \/>\n\u201eDobrze, \u017ce kliniki oczy\u015bci\u0142y prawie 50 procent \u0142\u00f3\u017cek dla pacjent\u00f3w z koron\u0105\u201d &#8211; powiedzia\u0142 Federalny Minister Zdrowia podczas wizyty w klinice uniwersyteckiej w D\u00fcsseldorfie z premierem NRW Arminem Laschetem. W D\u00fcsseldorfie zarejestrowa\u0142o si\u0119 ponad 400 student\u00f3w, kt\u00f3rzy wsparli szpital uniwersytecki w kryzysie koronowym. Na konferencji prasowej po spotkaniu gabinetu Spahn podkre\u015bli\u0142, \u017ce maski medyczne powinny by\u0107 zarezerwowane dla lekarzy i piel\u0119gniarek. Ponadto noszenie samodzielnie wykonanej maski z materia\u0142u mo\u017ce mie\u0107 znaczenie dla ochrony innych przed infekcj\u0105.<\/p>\n<p>Musimy chroni\u0107 najs\u0142abszych w naszym spo\u0142ecze\u0144stwie, zw\u0142aszcza w przypadku Korony jest ona starsza. W\u0142a\u015bnie dlatego jasne zasady, takie jak zakaz wizyt, s\u0105 prawid\u0142owe. Im bardziej jeste\u015bmy konsekwentni, tym szybciej mo\u017cemy znie\u015b\u0107 ograniczenia.<\/p>\n<p>Federalny Minister Zdrowia Jens Spahn<br \/>\n30 marca 2020 r<br \/>\nFederalny minister zdrowia Jens Spahn podpisa\u0142 \u201eRozporz\u0105dzenie o odst\u0105pieniu od licencji na praktyk\u0119 lekarsk\u0105 na wypadek epidemii o znaczeniu krajowym\u201d, kt\u00f3re ma wej\u015b\u0107 w \u017cycie 1 kwietnia. Regulacje, kt\u00f3re s\u0105 tak elastyczne, jak to mo\u017cliwe, maj\u0105 na celu zapewnienie studentom medycyny wsparcia systemu opieki zdrowotnej w obecnej sytuacji kryzysowej i jednoczesnego kontynuowania studi\u00f3w.<\/p>\n<p>Jestem bardzo wdzi\u0119czny studentom medycyny za pomoc w tej trudnej sytuacji w zakresie opieki medycznej. Dlatego upewniamy si\u0119, \u017ce nie musz\u0105 oni akceptowa\u0107 \u017cadnych niedogodno\u015bci zwi\u0105zanych z post\u0119pem w nauce. Przyj\u0119li\u015bmy teraz elastyczne i zgodne z prawem regulacje &#8211; nie ograniczaj\u0105c jednak jako\u015bci szkolenia medycznego.<\/p>\n<p>Federalny Minister Zdrowia Jens Spahn<br \/>\nPe\u0142n\u0105 tre\u015b\u0107 rozporz\u0105dzenia mo\u017cna pobra\u0107 z komunikatu prasowego z 30 marca 2020 r .<\/p>\n<p>27 marca 2020 r<br \/>\nWspieranie opieki zdrowotnej i piel\u0119gniarskiej w walce z epidemi\u0105 korony &#8211; to cele dw\u00f3ch pakiet\u00f3w legislacyjnych, kt\u00f3re uzyska\u0142y dzi\u015b zgod\u0119 Bundesratu po decyzji niemieckiego Bundestagu 25 marca. \u201eCOVID19 Hospital Relief Act\u201d rekompensuje ekonomiczne konsekwencje dla szpitali i lekarzy kontraktowych. \u201eUstawa o ochronie ludno\u015bci w sytuacji epidemicznej o znaczeniu krajowym\u201d poprawia reagowanie na epidemie.<\/p>\n<p>Wszyscy pracuj\u0105cy w s\u0142u\u017cbie zdrowia potrzebuj\u0105 teraz naszego pe\u0142nego wsparcia. Dlatego kompensujemy utracone dochody, ograniczamy biurokracj\u0119 i zawieszamy sankcje. Zapewniamy, \u017ce mo\u017cemy szybciej reagowa\u0107 w sytuacjach epidemicznych. \u0141\u0105czymy kompetencje, aby w takiej sytuacji m\u00f3c w ci\u0105gu kilku godzin pracowa\u0107 dla lekarzy, piel\u0119gniarek, farmaceut\u00f3w i wszystkich innych, kt\u00f3rzy wykraczaj\u0105 poza normalny poziom, zabieraj\u0105 biurokracj\u0119, dostosowuj\u0105 zasady, zwi\u0119kszaj\u0105 wynagrodzenie.<\/p>\n<p>Federalny Minister Zdrowia Jens Spahn<br \/>\nPe\u0142n\u0105 tre\u015b\u0107 tych dw\u00f3ch rachunk\u00f3w wspieraj\u0105cych system opieki zdrowotnej w radzeniu sobie z epidemi\u0105 korony mo\u017cna znale\u017a\u0107 w komunikacie prasowym z 27 marca 2020 r .<\/p>\n<p>26 marca 2020 r<br \/>\nSpowalnianie rozprzestrzeniania si\u0119 wirusa, a jednocze\u015bnie budowanie intensywnych mo\u017cliwo\u015bci &#8211; w ten spos\u00f3b przygotowujemy si\u0119 w Niemczech dla rosn\u0105cej liczby zainfekowanych os\u00f3b. Lekarze, piel\u0119gniarki i wszyscy pracuj\u0105cy w sektorze opieki zdrowotnej przygotowuj\u0105 si\u0119 do tego wa\u017cnego wyzwania. Federalny Minister Zdrowia Jens Spahn wraz z Prof. Dr. Susanne Herold (Szpital Uniwersytecki w Giei\u00dfen), Prezydent RKI Prof. Lothar H. Wieler, CEO KBV Andreas Gassen i Prof. Uwe Janssens ( DIVI) wyja\u015bnia obecn\u0105 sytuacj\u0119 i stan przygotowa\u0144 na federalnej konferencji prasowej. Razem przeciwko Koronie &#8211; \u201eOgraniczenie wolno\u015bci jest konieczne, aby spowolni\u0107 rozprzestrzenianie si\u0119 wirusa, aby nasze kliniki mog\u0142y si\u0119 przygotowa\u0107\u201d &#8211; powiedzia\u0142 Spahn.<\/p>\n<p>Mamy najwi\u0119cej test\u00f3w na ca\u0142ym \u015bwiecie w Niemczech. Ta liczba pokazuje si\u0142\u0119 naszego systemu opieki zdrowotnej.<\/p>\n<p>Federalny Minister Zdrowia Jens Spahn<br \/>\nProf. Wieler (RKI) wspomnia\u0142 o najwa\u017cniejszych filarach federalnej konferencji prasowej w celu zwalczania wirusa koronowego w Niemczech:<\/p>\n<p>Ograniczy\u0107 wirusa, na przyk\u0142ad poprzez wystarczaj\u0105c\u0105 liczb\u0119 test\u00f3w i odleg\u0142o\u015b\u0107,<\/p>\n<p>Ochrona tych, kt\u00f3rzy potrzebuj\u0105 ochrony<\/p>\n<p>Zwi\u0119ksz zdolno\u015bci dostaw.<\/p>\n<p>Wed\u0142ug prof. Uwe Janssensa, prezesa Niemieckiego Stowarzyszenia Intensywnej Terapii i Medycyny Ratunkowej, \u201ejeste\u015bmy dzi\u015b dobrze wyposa\u017ceni, je\u015bli chodzi o liczb\u0119 \u0142\u00f3\u017cek do intensywnej terapii i mo\u017cliwo\u015bci wentylacji\u201d.<\/p>\n<p>25 marca 2020 r<br \/>\nW celu wsparcia opieki zdrowotnej i piel\u0119gniarskiej w walce z epidemi\u0105 korony Bundestag uchwali\u0142 dwie ustawy przed\u0142o\u017cone przez federalnego ministra zdrowia Spahna. \u201eCOVID19 Hospital Relief Act\u201d rekompensuje ekonomiczne konsekwencje dla szpitali i lekarzy kontraktowych. \u201eUstawa o ochronie ludno\u015bci w sytuacji epidemicznej o znaczeniu krajowym\u201d poprawia reagowanie na epidemie.<\/p>\n<p>Mo\u017cemy poradzi\u0107 sobie z kryzysem tylko dlatego, \u017ce niezliczeni mened\u017cerowie kryzysowi s\u0105 rozmieszczeni w ca\u0142ym kraju. Dzi\u0119kujemy wszystkim w miastach i spo\u0142eczno\u015bciach! Szanujmy si\u0119. I zaopiekujmy si\u0119 sob\u0105.<\/p>\n<p>Federalny Minister Zdrowia Jens Spahn<br \/>\nMo\u017cesz znale\u017a\u0107 pe\u0142n\u0105 tre\u015b\u0107 dw\u00f3ch rachunk\u00f3w wspieraj\u0105cych system opieki zdrowotnej w radzeniu sobie z epidemi\u0105 Corona, pobieraj\u0105c je z komunikatu prasowego z 23 marca 2020 r .<\/p>\n<p>23 marca 2020 r<br \/>\nAby wesprze\u0107 opiek\u0119 zdrowotn\u0105 i piel\u0119gniarsk\u0105 w walce z epidemi\u0105 korony, gabinet zdecydowa\u0142 o dw\u00f3ch tekstach pomocniczych do projektu legislacyjnego przedstawionego przez federalnego ministra zdrowia Spahna. \u201eCOVID19 Hospital Relief Act\u201d rekompensuje ekonomiczne konsekwencje dla szpitali i lekarzy kontraktowych. \u201eUstawa o ochronie ludno\u015bci w sytuacji epidemicznej o znaczeniu krajowym\u201d poprawia reagowanie na epidemie.<\/p>\n<p>Lekarze, piel\u0119gniarki &#8211; wszyscy pracuj\u0105cy w sektorze opieki zdrowotnej potrzebuj\u0105 teraz naszego pe\u0142nego wsparcia. Dlatego kompensujemy utracone dochody, ograniczamy biurokracj\u0119 i zawieszamy sankcje. Zapewniamy, \u017ce mo\u017cemy szybciej reagowa\u0107 w sytuacjach epidemicznych. \u0141\u0105czymy kompetencje, aby w takiej sytuacji m\u00f3c w ci\u0105gu kilku godzin pracowa\u0107 dla lekarzy, piel\u0119gniarek, farmaceut\u00f3w i wszystkich innych, kt\u00f3rzy wykraczaj\u0105 poza normalny poziom, zabieraj\u0105 biurokracj\u0119, dostosowuj\u0105 zasady, zwi\u0119kszaj\u0105 wynagrodzenie.<\/p>\n<p>Federalny Minister Zdrowia Jens Spahn<br \/>\nPe\u0142n\u0105 tre\u015b\u0107 tych dw\u00f3ch rachunk\u00f3w stanowi\u0105cych wsparcie systemu opieki zdrowotnej w walce z epidemi\u0105 Corona mo\u017cna znale\u017a\u0107 w komunikacie prasowym z 23 marca 2020 r .<\/p>\n<p>19 marca 2020 r<br \/>\nFederalny minister zdrowia Jens Spahn i pe\u0142nomocnik Andreas Westerfellhaus przedstawili na konferencji prasowej, w jaki spos\u00f3b mo\u017cemy lepiej wspiera\u0107 piel\u0119gniarki podczas rozprzestrzeniania si\u0119 koronawirusa. \u201eAby zmniejszy\u0107 obci\u0105\u017cenie personelu piel\u0119gniarskiego, postanowili\u015bmy uwolni\u0107 personel piel\u0119gniarski od niepotrzebnej biurokracji\u201d &#8211; powiedzia\u0142 Spahn. Ponadto pracownicy s\u0142u\u017cby medycznej powinni mie\u0107 mo\u017cliwo\u015b\u0107 przydzielenia ich do dom\u00f3w opieki, szpitali i urz\u0119d\u00f3w zdrowia, je\u015bli to mo\u017cliwe i konieczne.<\/p>\n<p>Ca\u0142a konferencja prasowa z Federalna minister zdrowia i opieki Jens Spahn reprezentatywne Andreas Westerfellhaus zobaczy\u0107 z j\u0119zyka migowego na naszym kanale Youtube BMG.<\/p>\n<p>17 marca 2020 r<br \/>\nFederalny minister zdrowia Jens Spahn wezwa\u0142 wszystkich obywateli do okazania solidarno\u015bci w obliczu ogromnych ogranicze\u0144 w \u017cyciu codziennym spowodowanych kryzysem koronowym. We wtorek rano by\u0142 go\u015bciem w Radzie Ministr\u00f3w Bawarskiej Kancelarii Pa\u0144stwowej. Nast\u0119pnie wraz z premierem S\u00f6derem wyja\u015bni\u0142 na konferencji prasowej potrzeb\u0119 ci\u0119\u0107 w codziennym \u017cyciu ludzi. \u201e\u017byjemy w bardzo silnym kraju. Poradzimy sobie z t\u0105 sytuacj\u0105, je\u015bli b\u0119dziemy wywa\u017ceni i dbamy o siebie nawzajem\u201d &#8211; powiedzia\u0142 Spahn. Dalszemu szybkiemu rozprzestrzenianiu si\u0119 wirusa w Niemczech mo\u017cna zapobiec tylko wtedy, gdy kontakty spo\u0142eczne s\u0105 maksymalnie ograniczone .<\/p>\n<p>Lekarze, piel\u0119gniarki, ratownicy medyczni i farmaceuci nie mog\u0105 i\u015b\u0107 do domowego biura. To na tych, na kt\u00f3rych wszyscy polegamy, kiedy zachorujemy. Mo\u017cemy im w tym pom\u00f3c: pozostaj\u0105c w domu, gdy tylko jest to mo\u017cliwe.<br \/>\nFederalny Minister Zdrowia Jens Spahn<br \/>\n13 marca 2020 r<br \/>\nW li\u015bcie federalny minister zdrowia Jens Spahn zaapelowa\u0142 do wszystkich niemieckich szpitali o zatrudnienie dodatkowego personelu w obliczu kryzysu koronowego. Poprosi\u0142 tak\u017ce kliniki o odroczenie operacji i interwencji, kt\u00f3re mo\u017cna zaplanowa\u0107. \u201eZapewnia to bezp\u0142atne mo\u017cliwo\u015bci podstawowej opieki zdrowotnej, a zw\u0142aszcza oddzia\u0142om intensywnej terapii w celu leczenia os\u00f3b z powa\u017cnymi chorobami uk\u0142adu oddechowego\u201d, powiedzia\u0142 Spahn. Jednocze\u015bnie gwarantuje, \u017ce wynikaj\u0105ce z tego konsekwencje ekonomiczne dla szpitali zostan\u0105 zrekompensowane przez ustawowe towarzystwa ubezpiecze\u0144 zdrowotnych. B\u0119dzie to biurokratyczne Podaj rozwi\u0105zanie, kt\u00f3re wkr\u00f3tce zostanie legalnie wprowadzone na rynek.<\/p>\n<p>12 marca 2020 r<br \/>\n12 marca federalny minister zdrowia Jens Spahn poinformowa\u0142 premier\u00f3w stanu o aktualnym stanie rozprzestrzeniania si\u0119 wirusa korony. \u201eW tym czasie wa\u017cne jest, aby rz\u0105dy federalny i stanowy dobrze ze sob\u0105 wsp\u00f3\u0142pracowa\u0142y\u201d &#8211; powiedzia\u0142 Spahn.<\/p>\n<p>Wa\u017cn\u0105 decyzj\u0105 podczas spotkania kanclerza z szefami rz\u0105d\u00f3w kraj\u00f3w zwi\u0105zkowych by\u0142o to, \u017ce szpitale w Niemczech koncentruj\u0105 si\u0119 na oczekiwanym rosn\u0105cym zapotrzebowaniu na intensywn\u0105 opiek\u0119 i mo\u017cliwo\u015bci wentylacyjne w leczeniu ci\u0119\u017ckich chor\u00f3b uk\u0142adu oddechowego przez  COVID-19 .<\/p>\n<p>W li\u015bcie federalny minister zdrowia Jens Spahn zaapelowa\u0142 zatem do wszystkich niemieckich szpitali o zatrudnienie dodatkowego personelu w obliczu kryzysu koronowego. Poprosi\u0142 tak\u017ce kliniki o odroczenie operacji i interwencji, kt\u00f3re mo\u017cna zaplanowa\u0107. \u201eZapewnia to bezp\u0142atne mo\u017cliwo\u015bci podstawowej opieki zdrowotnej, a zw\u0142aszcza oddzia\u0142om intensywnej terapii w celu leczenia os\u00f3b z powa\u017cnymi chorobami uk\u0142adu oddechowego\u201d, powiedzia\u0142 Spahn. Jednocze\u015bnie nale\u017cy zapewni\u0107, \u017ce wynikaj\u0105ce z tego konsekwencje ekonomiczne dla szpitali zostan\u0105 zrekompensowane przez ustawowe towarzystwa ubezpiecze\u0144 zdrowotnych, a nie szpital W zamian za ka\u017cde \u0142\u00f3\u017cko do intensywnej terapii, kt\u00f3re jest tymczasowo tworzone i utrzymywane, przys\u0142uguje dodatkowa premia.<\/p>\n<p>Rz\u0105d federalny podejmie szybkie \u015brodki, aby zapewni\u0107, \u017ce wynikaj\u0105ce z niego konsekwencje ekonomiczne dla szpitali zostan\u0105 zr\u00f3wnowa\u017cone i \u017ce \u017caden szpital nie b\u0119dzie deficytowy.<\/p>\n<p>Federalny Minister Zdrowia Jens Spahn<br \/>\nW zwi\u0105zku z obecnymi falami choroby zwi\u0105zanymi z nowatorskim koronawirusem (COVID-19) we W\u0142oszech oraz w s\u0105siednich krajach Austrii i Szwajcarii, federalny minister zdrowia Jens Spahn wzywa wszystkich powracaj\u0105cych z tych kraj\u00f3w do pozostania w domu.<\/p>\n<p>Je\u015bli by\u0142e\u015b we W\u0142oszech, Szwajcarii lub Austrii w ci\u0105gu ostatnich 14 dni: unikaj niepotrzebnych kontakt\u00f3w i zosta\u0144 w domu przez 2 tygodnie! Niezale\u017cnie od tego, czy masz objawy, czy nie. W ten spos\u00f3b pomagasz chroni\u0107 siebie i swoje \u015brodowisko przed wirusem koronowym.<\/p>\n<p>Federalny Minister Zdrowia Jens Spahn<br \/>\n11 marca 2020 r<br \/>\nKanclerz Angela Merkel, federalna minister zdrowia Jens Spahn i prezydent RKI profesor Wieler wsp\u00f3lnie donie\u015bli o epidemii korony w Niemczech 11 marca: \u201eIm wolniej rozprzestrzenia si\u0119 koronawirus, tym lepiej radzi sobie z tym nasz system opieki zdrowotnej. Im mniej os\u00f3b zara\u017ca si\u0119 w tym samym czasie \u201eLepsi lekarze mog\u0105 leczy\u0107 powa\u017cnie chorych pacjent\u00f3w\u201d, powiedzia\u0142 Spahn przed federaln\u0105 konferencj\u0105 prasow\u0105. Koegzystencja musi nadal funkcjonowa\u0107 pomimo epidemii: \u201eDlatego zawsze wa\u017cne jest zachowanie r\u00f3wnowagi &#8211; mi\u0119dzy naci\u0119ciami a \u017cyciem codziennym.\u201d W nast\u0119pnej ankiecie rz\u0105dowej w Bundestagu zadzwoni\u0142 Ministrowie ponownie wzywaj\u0105 do anulowania wa\u017cnych wydarze\u0144 z udzia\u0142em ponad 1000 go\u015bci.<\/p>\n<p>Wymiana ministra zdrowia Spahna i prezydenta RKI prof. Wielera z 10 odpowiednikami z pa\u0144stw cz\u0142onkowskich UE dotyczy\u0142a r\u00f3wnie\u017c powstrzymania wirusa korony .<\/p>\n<p>10 marca 2020 r<br \/>\nPo pi\u0105tej sesji wsp\u00f3lny zesp\u00f3\u0142 zarz\u0105dzania kryzysowego BMI i BMG zaleca anulowanie wszystkich g\u0142\u00f3wnych wydarze\u0144 z udzia\u0142em ponad 1000 oczekiwanych uczestnik\u00f3w. W przypadku wszystkich wydarze\u0144 z udzia\u0142em maksymalnie 1000 oczekiwanych uczestnik\u00f3w ocena ryzyka oparta na kryteriach Instytutu Roberta Kocha (RKI) powinna zosta\u0107 przeprowadzona wraz z odpowiedzialnym organem ds. Zdrowia. Ponadto policja federalna zintensyfikuje kontrole, szczeg\u00f3lnie na granicach po\u0142udniowych.<\/p>\n<p>Wi\u0119cej informacji mo\u017cna znale\u017a\u0107 w komunikacie prasowym Wsp\u00f3lnego Sztabu Kryzysowego z 10 marca 2020 r.<\/p>\n<p>Federalny minister zdrowia Jens Spahn spotka\u0142 si\u0119 z producentami urz\u0105dze\u0144 medycznych wczesnym popo\u0142udniem . Szpitale i gabinety lekarskie w Niemczech potrzebuj\u0105 respirator\u00f3w i innego sprz\u0119tu ochronnego, aby pracownicy s\u0142u\u017cby zdrowia mogli chroni\u0107 si\u0119 przed zaka\u017ceniem koronowym. Tematem tego spotkania by\u0142o wi\u0119c, jak szybciej produkowa\u0107 wi\u0119cej urz\u0105dze\u0144 w Niemczech<\/p>\n<p>Zesp\u00f3\u0142 kryzysowy BMI i BMG zdecydowa\u0142 ju\u017c w zesz\u0142ym tygodniu o centralnym zakupie sprz\u0119tu ochronnego . Jednak kraje, szpitale i gabinety lekarskie powinny same nadal kupowa\u0107 sprz\u0119t ochronny. Od 4 marca zastrze\u017cono r\u00f3wnie\u017c zgod\u0119 na eksport sprz\u0119tu ochrony medycznej.<\/p>\n<p>9 marca 2020 r<br \/>\n\u201eAby spowolni\u0107 dynamik\u0119, musimy ograniczy\u0107 mo\u017cliwo\u015bci rozprzestrzeniania si\u0119 wirusa w codziennym kontakcie ludzi. I do tego potrzebujemy ka\u017cdego obywatela, kt\u00f3ry jest gotowy dostosowa\u0107 swoje codzienne \u017cycie\u201d, powiedzia\u0142 w poniedzia\u0142ek federalny minister zdrowia Jens Spahn Federalna konferencja prasowa na temat obecnej sytuacji koronawirusa Po po\u0142udniu Spahn i federalna minister bada\u0144 Anja Karliczek rozmawiali z pras\u0105, aby poinformowa\u0107 o obecnym stanie bada\u0144 w poszukiwaniu szczepionki i mo\u017cliwo\u015bci leczenia COVID-19.<\/p>\n<p>Po po\u0142udniu Spahn poszed\u0142 do prasy z federaln\u0105 minister ds. Bada\u0144 naukowych Anj\u0105 Karliczek, aby poinformowa\u0107 o stanie bada\u0144 w poszukiwaniu szczepionki i mo\u017cliwo\u015bci leczenia COVID-19.<\/p>\n<p>Musimy wykorzysta\u0107 ca\u0142\u0105 nasz\u0105 si\u0142\u0119 g\u0142\u00f3wnie do spowolnienia rozprzestrzeniania si\u0119 wirusa w Niemczech. To jedyny spos\u00f3b, w jaki nasz system opieki zdrowotnej i badania mog\u0105 sobie z tym poradzi\u0107.<\/p>\n<p>Federalny Minister Zdrowia Jens Spahn<br \/>\n6 marca 2020 r<br \/>\nW dniu 6 marca 2020 r. Federalny minister zdrowia Jens Spahn wymieni\u0142 pogl\u0105dy z ministrami zdrowia UE podczas specjalnej rady EPSCO na temat powstrzymywania koronawirusa i dostaw lek\u00f3w podczas pandemii. \u201eW tej sytuacji wszyscy mo\u017cemy si\u0119 od siebie uczy\u0107\u201d &#8211; powiedzia\u0142 Spahn w Brukseli.<\/p>\n<p>4 marca 2020 r<br \/>\n4 marca 2020 r. Federalny minister zdrowia Jens Spahn po raz pierwszy spotka\u0142 si\u0119 z liderami systemu opieki zdrowotnej, a nast\u0119pnie spotka\u0142 si\u0119 z kolegami z kraju. Celem rozm\u00f3w by\u0142a koordynacja wsp\u00f3lnych wysi\u0142k\u00f3w przeciwko rozprzestrzenianiu si\u0119 koronawirusa.<\/p>\n<p>Te wsp\u00f3lne wysi\u0142ki zmierzaj\u0105ce do ograniczenia koronawirusa i now\u0105 pandemi\u0119 planu RKI by\u0142 temat na spotkaniu z ministrami zdrowia kraj\u00f3w. \u201eNowy plan jest zaleceniem, a nie wymogiem. Lokalne w\u0142adze mog\u0105 najlepiej oceni\u0107 i zdecydowa\u0107 o sytuacji na miejscu \u201d, powiedzia\u0142 federalny minister zdrowia Jens Spahn. Centralne zam\u00f3wienia maj\u0105 r\u00f3wnie\u017c zapewni\u0107 pacjentom w Niemczech dobr\u0105 opiek\u0119, nawet w przypadku niedobor\u00f3w. Szpitale, gabinety lekarskie i kraje powinny nadal kupowa\u0107 dla swoich potrzeb.<\/p>\n<p>Poniewa\u017c \u015brodki dezynfekuj\u0105ce s\u0105 coraz bardziej popularne w aptekach , Federalny Instytut Bezpiecze\u0144stwa i Zdrowia w Pracy ( BAuA ) ma wyj\u0105tek z dnia 4 marca 2020 r. [Plik PDF: 888 KB ] w odniesieniu do przepisu dotycz\u0105cego rynku i stosowania produkt\u00f3w biob\u00f3jczych (rozporz\u0105dzenie w sprawie produkt\u00f3w biob\u00f3jczych) og\u0142osi\u0142. Zwolnienie to pozwala farmaceutom produkowa\u0107 i wprowadza\u0107 do obrotu \u015brodki dezynfekuj\u0105ce do r\u0105k. Nie ma limitu ilo\u015bciowego.<\/p>\n<p>Wsp\u00f3lnie z Federalnym Ministerstwem \u015arodowiska uda\u0142o nam si\u0119 znale\u017a\u0107 szybkie i niebiurokratyczne rozwi\u0105zanie, kt\u00f3re umo\u017cliwia farmaceutom samodzieln\u0105 produkcj\u0119 i sprzeda\u017c \u015brodk\u00f3w dezynfekuj\u0105cych do dezynfekcji r\u0105k do u\u017cytku prywatnego.  <\/p>\n<p>Federalny Minister Zdrowia Jens Spahn<br \/>\nW deklaracji rz\u0105du o zwalczaniu wirusa koronowego w Bundestagu federalny minister zdrowia Jens Spahn wyja\u015bni\u0142: \u201eBezpiecze\u0144stwo ludno\u015bci jest najwa\u017cniejsze &#8211; tak\u017ce przed interesem gospodarczym\u201d.<\/p>\n<p>3 marca 2020 r<br \/>\nWsp\u00f3lny zesp\u00f3\u0142 zarz\u0105dzania kryzysowego BMI i BMG spotka\u0142 si\u0119 po raz trzeci we wtorek i podj\u0105\u0142 dalsze decyzje. Wyw\u00f3z medycznego sprz\u0119tu ochronnego (masek oddechowych, r\u0119kawiczek, ubra\u0144 ochronnych itp. ) Za granic\u0119 jest zabroniony. BMG odpowiada za centralne zaopatrzenie w medyczny sprz\u0119t ochronny dla gabinet\u00f3w lekarskich, szpitali i w\u0142adz federalnych.<\/p>\n<p>Wi\u0119cej informacji mo\u017cna znale\u017a\u0107 we wsp\u00f3lnym komunikacie prasowym z dnia 4 marca 2020 r.<\/p>\n<p>2 marca 2020 r<br \/>\nMinister Spahn wraz z sze\u015bcioma ekspertami odpowiedzieli dzi\u015b na pytania podczas konferencji prasowej. Ka\u017cdy, kto my\u015bli, \u017ce mo\u017ce by\u0107 zara\u017cony, powinien najpierw zadzwoni\u0107 do gabinetu lekarskiego, powiedzia\u0142 Stephan Hofmeister z KBV, kt\u00f3ry r\u00f3wnie\u017c wyja\u015bni\u0142, \u017ce za ka\u017cdy medycznie niezb\u0119dny test zostanie zap\u0142acony.<\/p>\n<p>Specjalista ds. Higieny prof. Gastmeier zaleca kichanie w ramieniu i dok\u0142adne mycie r\u0105k . Aby chroni\u0107 si\u0119 przed infekcj\u0105, zaleca si\u0119, aby nie podawa\u0107 d\u0142oni na powitanie, kontynuuje Gastmeier. Prof. Wieler z Instytutu Roberta Kocha og\u0142osi\u0142, \u017ce ryzyko dla populacji jest obecnie oceniane jako \u201eumiarkowane\u201d. \u201eRyzyko dla spo\u0142ecze\u0144stwa wzros\u0142o, ale ryzyko dla jednostek nadal nie jest du\u017ce\u201d &#8211; powiedzia\u0142 prof. Drosten z Charit\u00e9.<\/p>\n<p>28 lutego 2020 r<br \/>\nNa drugim spotkaniu zesp\u00f3\u0142 kryzysowy Federalnego Ministerstwa Zdrowia i Ministerstwa Spraw Wewn\u0119trznych podj\u0105\u0142 dalsze decyzje w sprawie bezpiecze\u0144stwa zdrowotnego przed infekcjami koronowymi. \u015arodki w ruchu transgranicznym do Niemiec s\u0105 zintensyfikowane na wszystkich trasach i przyj\u0119to zasady oceny ryzyka powa\u017cnych zdarze\u0144. \u201eStruktura zespo\u0142u kryzysowego pokazuje, \u017ce powa\u017cnie podchodzimy do epidemii wirusa korony i odpowiadamy na fakt, \u017ce epidemia dotar\u0142a teraz do Niemiec\u201d &#8211; powiedzia\u0142 federalny minister zdrowia Jens Spahn.<\/p>\n<p>Wi\u0119cej informacji mo\u017cna znale\u017a\u0107 we wsp\u00f3lnym komunikacie prasowym z 28 lutego 2020 r.<\/p>\n<p>27 lutego 2020 r<br \/>\nW celu zwalczania epidemii korony Federalne Ministerstwo Zdrowia i Federalne Ministerstwo Zdrowia powo\u0142a\u0142y zesp\u00f3\u0142 kryzysowy zgodnie z federalnym planem pandemicznym . Celem jest jak najwi\u0119ksza ochrona ludno\u015bci i powstrzymanie epidemii w jak najwi\u0119kszym stopniu. Wykorzystywana jest r\u00f3wnie\u017c wiedza innych dzia\u0142\u00f3w. Istniej\u0105ce procedury g\u0142osowania zostan\u0105 zinstytucjonalizowane, powiedzia\u0142 minister zdrowia Spahn. \u201eStruktura zespo\u0142u kryzysowego pokazuje, \u017ce powa\u017cnie podchodzimy do epidemii wirusa korony i odpowiadamy na fakt, \u017ce epidemia dotar\u0142a teraz do Niemiec\u201d &#8211; powiedzia\u0142 Spahn.<\/p>\n<p>Do tej pory mo\u017cna by\u0142o izolowa\u0107 i leczy\u0107 zara\u017cone osoby w Niemczech oraz zapewni\u0107 bliski kontakt z osobami kontaktowymi. Jednak obecnie nie jest jasne, czy \u0142a\u0144cuchy infekcji mog\u0105 by\u0107 nadal zrywane. Zesp\u00f3\u0142 kryzysowy podj\u0105\u0142 zatem pierwsze decyzje . Podr\u00f3\u017cuj\u0105cy samolotem z rejon\u00f3w zaka\u017cenia b\u0119d\u0105 musieli w przysz\u0142o\u015bci wype\u0142ni\u0107 karty wyj\u015bcia i poda\u0107 informacje o swoim miejscu pobytu. Dotyczy to ju\u017c nie tylko pasa\u017cer\u00f3w lotniczych z Chin, ale tak\u017ce z W\u0142och, Japonii, Korei Po\u0142udniowej i Iranu. W przysz\u0142o\u015bci podr\u00f3\u017cni otrzymaj\u0105 r\u00f3wnie\u017c informacje nie tylko na temat samolot\u00f3w i lotnisk, ale tak\u017ce poci\u0105g\u00f3w i autobus\u00f3w o tym, jak mog\u0105 rozpozna\u0107 chorob\u0119 uk\u0142adu oddechowego i jak si\u0119 przed ni\u0105 zabezpieczy\u0107.<\/p>\n<p>Pa\u0144stwo robi wszystko, aby chroni\u0107 swoich obywateli w najlepszy mo\u017cliwy spos\u00f3b. Szybki, odpowiedni i skuteczny. Uzgodnili\u015bmy, \u017ce lepiej jest przetestowa\u0107 wirusa raz jeszcze za ma\u0142o. W ka\u017cdym razie pieni\u0105dze nie powinny zawie\u015b\u0107.<\/p>\n<p>Federalny Minister Zdrowia Jens Spahn<br \/>\nDzie\u0144 wcze\u015bniej minister zdrowia spotka\u0142 si\u0119 z przedstawicielami lekarzy, farmaceut\u00f3w, zak\u0142ad\u00f3w ubezpiecze\u0144 zdrowotnych, szpitali i personelu piel\u0119gniarskiego, aby om\u00f3wi\u0107 mo\u017cliwe reakcje na wybuch wirusa.<\/p>\n<p>Stowarzyszenia i organizacje zawodowe obieca\u0142y zapewni\u0107 swoim cz\u0142onkom i spo\u0142ecze\u0144stwu jeszcze lepsze informacje na temat nowego rodzaju chor\u00f3b uk\u0142adu oddechowego w przysz\u0142o\u015bci. Personel medyczny powinien r\u00f3wnie\u017c zapyta\u0107 pacjent\u00f3w o podejrzane przypadki podr\u00f3\u017cy do obszar\u00f3w zaka\u017cenia lub kontaktu z zara\u017conymi osobami. A dla ludno\u015bci rada jest nast\u0119puj\u0105ca: nie chod\u017a na pogotowie za ka\u017cdym razem, gdy kaszlesz, ale zadzwo\u0144 do lekarza, je\u015bli zarazisz si\u0119 po pobycie w zaka\u017conych obszarach lub masz kontakt z zara\u017conymi, gryp\u0105, problemami z oddychaniem lub gor\u0105czk\u0105.<\/p>\n<p>Zesp\u00f3\u0142 kryzysowy planuje zaopatrzy\u0107 si\u0119 w medyczny sprz\u0119t ochronny, taki jak ochrona dr\u00f3g oddechowych, r\u0119kawice i tym podobne. W tym celu nale\u017cy zwi\u0119kszy\u0107 moce produkcyjne w Niemczech i po\u0142\u0105czy\u0107 zasoby partner\u00f3w europejskich.<\/p>\n<p>26 lutego 2020 r<br \/>\nZaka\u017cenia wirusem koronowym w Badenii-Wirtembergii i Nadrenii P\u00f3\u0142nocnej-Westfalii zosta\u0142y potwierdzone po raz pierwszy. Oba kraje powo\u0142a\u0142y zesp\u00f3\u0142 kryzysowy, wspierany przez Instytut Roberta Kocha i Federalne Ministerstwo Zdrowia. Odpowiednie w\u0142adze regionalne udzielaj\u0105 informacji na temat stanu zdrowia pacjent\u00f3w. Wed\u0142ug Jensa Spahna celem jest jak najszybsze przerwanie \u0142a\u0144cucha infekcji.<\/p>\n<p>Osoby kontaktowe zara\u017conych musia\u0142yby zosta\u0107 zidentyfikowane i zbadane, a nast\u0119pnie obj\u0119te opiek\u0105 w kwarantannie domowej przez okres dw\u00f3ch tygodni inkubacji. Niemiecki system opieki zdrowotnej jest dobrze przygotowany na t\u0119 sytuacj\u0119, powiedzia\u0142 minister zdrowia. Wa\u017cne jest jednak r\u00f3wnie\u017c, aby zar\u00f3wno personel medyczny, jak i ludno\u015b\u0107 przestrzega\u0142y zalece\u0144 Instytutu Roberta Kocha i w\u0142adz regionalnych.<\/p>\n<p>W zwi\u0105zku z tym zach\u0119ca si\u0119 lekarzy, aby pytali o podejrzane przypadki mo\u017cliwych kontakt\u00f3w z zainfekowanymi lud\u017ami lub podr\u00f3\u017cy do zainfekowanych obszar\u00f3w.<\/p>\n<p>W przypadku podejrze\u0144 obywatele powinni zadzwoni\u0107 do lekarza i om\u00f3wi\u0107 dalsze post\u0119powanie.<\/p>\n<p>Zalecamy ludno\u015bci, aby nie podejrzewa\u0142a infekcji koronowej po ka\u017cdym kaszlu. Ale dzwoni\u0105 do lekarza rodzinnego i wyja\u015bniaj\u0105 leczenie, je\u015bli w ci\u0105gu 14 dni po podr\u00f3\u017cy do miejsc, w kt\u00f3rych wyst\u0105pi\u0142y infekcje, wyst\u0105pi\u0105 gor\u0105czka, kaszel lub duszno\u015b\u0107.<\/p>\n<p>Federalny Minister Zdrowia Jens Spahn<br \/>\nSpahn nakaza\u0142 r\u00f3wnie\u017c pilotom zg\u0142osi\u0107 zdrowie swoich pasa\u017cer\u00f3w do wie\u017cy podczas jeszcze wi\u0119kszej liczby lot\u00f3w ni\u017c przed l\u0105dowaniem w Niemczech. W przysz\u0142o\u015bci b\u0119dzie to dotyczy\u0107 r\u00f3wnie\u017c lot\u00f3w z Iranu, Korei Po\u0142udniowej, Japonii, a tak\u017ce z W\u0142och. Jak dot\u0105d dotyczy\u0142o to tylko bezpo\u015brednich lot\u00f3w z Chin.<\/p>\n<p>Ponadto Niemcy skontaktowa\u0142y si\u0119 z firmami autobusowymi, kolejowymi i liniami lotniczymi, aby poinformowa\u0107 podr\u00f3\u017cnych o bie\u017c\u0105cych wydarzeniach i dostarczy\u0107 instrukcje dzia\u0142ania w przypadku zauwa\u017cenia objaw\u00f3w.<\/p>\n<p>Na poziomie europejskim planuje si\u0119 zakup sprz\u0119tu ochronnego dla personelu medycznego.<\/p>\n<p>Minister Zdrowia W\u0142ochy, Austria, Chorwacja, Szwajcaria, S\u0142owenia, Francja i Niemcy zgodzi\u0142y si\u0119, od W\u0142och po sam wz\u00f3r do informowania podr\u00f3\u017cnych o wirusie. Kraje chc\u0105 r\u00f3wnie\u017c wymienia\u0107 dane epidemiologiczne i informacje na temat zarz\u0105dzania klinicznego epidemi\u0105 mi\u0119dzy krajami. Ministrowie zdrowia odrzucili og\u00f3lne zamkni\u0119cia granic. To, czy wa\u017cne wydarzenia musz\u0105 zosta\u0107 odwo\u0142ane, powinno by\u0107 sprawdzane indywidualnie dla ka\u017cdego przypadku.24 lutego 2020 r<br \/>\nBior\u0105c pod uwag\u0119 rozw\u00f3j we W\u0142oszech , federalny minister zdrowia Jens Spahn spodziewa si\u0119, \u017ce wirus korony rozprzestrzeni si\u0119 r\u00f3wnie\u017c w Niemczech. \u201eSytuacja we W\u0142oszech zmienia r\u00f3wnie\u017c nasz\u0105 ocen\u0119 sytuacji: Corona przyby\u0142a do Europy jako epidemia\u201d &#8211; powiedzia\u0142 Spahn na konferencji prasowej w Berlinie. \u201eDlatego musimy si\u0119 spodziewa\u0107, \u017ce rozprzestrzeni si\u0119 w Niemczech\u201d &#8211; powiedzia\u0142 Spahn . Niemcy s\u0105 najlepiej na to przygotowane. W celu zdobycia wiedzy na temat wirusa oraz ulepszenia terapii i szczepionek Spahn obieca\u0142 dalsze finansowanie bada\u0144.21-23 lutego 2020 r<br \/>\n23 lutego 20 os\u00f3b powracaj\u0105cych z Wuhan w Chinach mog\u0142o opu\u015bci\u0107 kwarantann\u0119. Od czasu przybycia do Berlin-Tegel zostali zakwaterowani w oddzielnej cz\u0119\u015bci klinik DRK w K\u00f6penick. Ostateczne testy na obecno\u015b\u0107 wirusa korony by\u0142y negatywne we wszystkich przypadkach. \u201eCentralne zakwaterowanie by\u0142o konieczne dla ich ochrony, \u015brodowiska i ludno\u015bci\u201d &#8211; powiedzia\u0142 minister zdrowia Jens Spahn. <\/p>\n<p>W nocy z 22 lutego na lotnisko Berlin Tegel przyby\u0142o sze\u015bciu obywateli Niemiec, kt\u00f3rzy byli na statku pasa\u017cerskim Diamond Princess w Japonii. Twoja opieka jest organizowana przez Niemiecki Czerwony Krzy\u017c we wsp\u00f3\u0142pracy z berli\u0144skimi w\u0142adzami zdrowia. Dla zachowania ostro\u017cno\u015bci ludzie przebywaj\u0105 w domu w kwarantannie.<\/p>\n<p>Oko\u0142o 30 obywateli Niemiec, kt\u00f3rzy byli na statku pasa\u017cerskim \u201e MS Westerdam\u201d w Kambod\u017cy, wyl\u0105dowa\u0142o 21 lutego na lotnisku w Amsterdamie w Holandii. Dla zachowania ostro\u017cno\u015bci ludzie przebywaj\u0105 w domu w kwarantannie. W\u0142a\u015bciwe organy ochrony zdrowia w Niemczech zosta\u0142y odpowiednio poinformowane i zapewni\u0105 dalsz\u0105 opiek\u0119. <\/p>\n<p>Kolejnych 15 Niemc\u00f3w wyl\u0105dowa\u0142o na lotnisku w Stuttgarcie 21 lutego. Zatrzymali si\u0119 w chi\u0144skiej prowincji Hubei i mie\u015bcie Wuhan, a jako \u015brodek zapobiegawczy zostali zakwaterowani w hotelu w Kirchheim do Teck. Niemiecki Czerwony Krzy\u017c zapewnia opiek\u0119 medyczn\u0105 i psychologiczn\u0105 we wsp\u00f3\u0142pracy z Baden-W\u00fcrttemberg State Health Office i Esslingen District Health Office.<\/p>\n<p>19 lutego 2020 r<br \/>\nPowracaj\u0105cy z Chin w Germersheim zostali zwolnieni z kwarantanny w niedziel\u0119 . Wyniki testu oko\u0142o 120 os\u00f3b powracaj\u0105cych i 22 pomocnik\u00f3w dla koronawirusa by\u0142y negatywne.<\/p>\n<p>Bardzo si\u0119 ciesz\u0119, \u017ce pierwsi powracaj\u0105cy z Wuhan mog\u0105 wr\u00f3ci\u0107 do rodzin w dobrym zdrowiu. Podzi\u0119kowania dla Niemieckiego Czerwonego Krzy\u017ca i Niemieckich Si\u0142 Zbrojnych, kt\u00f3re tak dobrze si\u0119 nimi opiekowa\u0142y przez ostatnie dwa tygodnie. I dzi\u0119ki rz\u0105dowi i w\u0142adzom regionalnym za udan\u0105 organizacj\u0119 i wsp\u00f3\u0142prac\u0119. Kwarantanna nie jest \u0142atw\u0105 sytuacj\u0105 dla wszystkich zainteresowanych. Konieczna by\u0142a jednak ochrona samych os\u00f3b powracaj\u0105cych, ich \u015brodowiska i ca\u0142ej populacji. W ten spos\u00f3b na pocz\u0105tku odkryto dwie zara\u017cone osoby i leczono je osobno klinicznie. To po raz kolejny pokazuje, \u017ce epidemi\u0119 mo\u017cemy opanowa\u0107 tylko wtedy, gdy zareagujemy ostro\u017cnie, ale odpowiednio.<\/p>\n<p>Federalny Minister Zdrowia Jens Spahn<br \/>\n15 lutego 2020 r<br \/>\nNiemcy bezpo\u015brednio wdra\u017caj\u0105 zalecenie Rady Ministr\u00f3w Zdrowia UE od czwartku. Podr\u00f3\u017cuj\u0105cy samolotem z Chin s\u0105 teraz pytani o kontakt z zara\u017conymi lud\u017ami i pobyt na zainfekowanych obszarach. Ponadto ministrowie zdrowia UE zwracaj\u0105 si\u0119 do Komisji Europejskiej o wsparcie finansowe WHO w walce z wirusem i opracowanie \u015brodk\u00f3w zapobiegaj\u0105cych niedoborom lek\u00f3w w ci\u0105gu sze\u015bciu miesi\u0119cy.<\/p>\n<p>Federalny minister zdrowia Jens Spahn powiedzia\u0142: \u201eWje\u017cd\u017caj\u0105c do Chin, musimy wiedzie\u0107, kto mia\u0142 kontakt z zainfekowanymi pacjentami i kto pochodzi z zainfekowanych obszar\u00f3w. Umo\u017cliwia to konkretne testy na lotnisku. Jest to odpowiednia metoda zapobiegania rozprzestrzenianiu si\u0119 wirusa koronowego w Niemczech i Europie. W czwartek zdecydowali\u015bmy wi\u0119c o Radzie Ministr\u00f3w Zdrowia UE. I tak teraz wdra\u017camy go bezpo\u015brednio na poziomie krajowym. To podej\u015bcie, skoordynowane z naszymi europejskimi partnerami, by\u0142o dla mnie wa\u017cne. Poniewa\u017c mo\u017cemy powstrzyma\u0107 epidemi\u0119 tylko razem. \u201d12 lutego 2020 r<br \/>\nWybuch wirusa koronowego z Chin mia\u0142 w mi\u0119dzyczasie wp\u0142yw na ca\u0142y \u015bwiat . Choroby s\u0105 nadal przedmiotem zainteresowania w Chinach, ale obecnie wiele przypadk\u00f3w mia\u0142o miejsce w wielu krajach na ca\u0142ym \u015bwiecie, w tym w Niemczech i innych krajach UE. Instytut Roberta Kocha w dalszym ci\u0105gu ocenia zagro\u017cenie dla zdrowia populacji w Niemczech z powodu nowej choroby uk\u0142adu oddechowego jako niskie. Obecnie 16 os\u00f3b w Niemczech jest zara\u017conych wirusem, z kt\u00f3rych wszystkie zosta\u0142y wyizolowane i s\u0105 leczone. Niemieccy powracaj\u0105cy, kt\u00f3rzy zostali wywiezieni z Hubei, nadal s\u0105 pod opiek\u0105 w centralnych kwaterach w Germersheim i Berlinie K\u00f6penick.<\/p>\n<p>Obecnie nie mo\u017cna przewidzie\u0107, czy epidemia ograniczona regionalnie w Chinach rozwinie si\u0119 w globaln\u0105 pandemi\u0119, czy nie. Jednak obecna sytuacja w Niemczech pokazuje, \u017ce jeste\u015bmy dobrze przygotowani i uwa\u017cnie podchodzimy do tematu. Mamy wszystko pod kontrol\u0105, ale jednocze\u015bnie jeste\u015bmy w dynamicznej sytuacji.<\/p>\n<p>Federalny Minister Zdrowia Jens Spahn<br \/>\nPo spotkaniu Komitetu ds. Zdrowia w dniu 12 lutego 2020 r. Minister zdrowia Jens Spahn opowiedzia\u0142 o bie\u017c\u0105cych ustaleniach dotycz\u0105cych koronawirusa i dalszych post\u0119p\u00f3w.<\/p>\n<p>Minister zdrowia Jens Spahn przemawia w dniu 12.2. w Bundestagu w sprawie \u201eStrategii zapobiegania wirusowi korony w Niemczech\u201dSk\u0105d pochodzi wirus koronowy i jak niebezpieczny jest? Jak mog\u0119 si\u0119 chroni\u0107? Wirolog Prof. Melanie Brinkmann z Centrum Bada\u0144 nad Zaka\u017ceniami Helmholtza odpowiada na najwa\u017cniejsze pytania dotycz\u0105ce wirusa.<\/p>\n<p>7 lutego 2020 r<br \/>\nJak najlepiej chroni\u0107 si\u0119 przed wirusem koronowym i innymi chorobami zaka\u017anymi &#8211; Federalne Ministerstwo Zdrowia i Federalne Centrum Edukacji Zdrowotnej podsumowa\u0142y najwa\u017cniejsze informacje na temat 2019-nCoV:<\/p>\n<p>5 lutego 2020 r<br \/>\nFederalny minister zdrowia Jens Spahn odwiedzi\u0142 osoby powracaj\u0105ce z Wuhan i s\u0142u\u017cby ratownicze na miejscu w Germersheim. \u201eDzielnica, gmina, Bundeswehra i Niemiecki Czerwony Krzy\u017c dzia\u0142a\u0142y znakomicie i zareagowa\u0142y znakomicie na t\u0119 szczeg\u00f3ln\u0105 sytuacj\u0119. Powracaj\u0105cy Chi\u0144czycy s\u0105 w dobrych r\u0119kach. Mam nadziej\u0119, \u017ce wszyscy mog\u0105 wr\u00f3ci\u0107 do codziennego \u017cycia tak szybko, jak to mo\u017cliwe. Niemniej jednak zostaniemy czujny, powiedzia\u0142 federalny minister zdrowia Jens Spahn.<\/p>\n<p>O ile wiemy &#8211; na razie &#8211; szczyt rozprzestrzeniania si\u0119 koronawirusa nie zosta\u0142 osi\u0105gni\u0119ty. Musimy zatem za\u0142o\u017cy\u0107, \u017ce dalsze infekcje mog\u0105 r\u00f3wnie\u017c wyst\u0105pi\u0107 w Europie i Niemczech.<\/p>\n<p>Federalny Minister Zdrowia Jens Spahn<br \/>\n4 lutego 2020 r<br \/>\nDo ministr\u00f3w zdrowia Unii Europejskiej oraz G7 -Staaten chc\u0105 pracowa\u0107 wi\u0119cej, aby zapobiec rozprzestrzenianiu si\u0119 koronawirusa. Jest to wynik intensywnych rozm\u00f3w mi\u0119dzy federalnym ministrem zdrowia Jensem Spahnem a jego mi\u0119dzynarodowymi odpowiednikami. Spahn wraz ze swoim francuskim odpowiednikiem Agn\u00e8sem Buzynem poprosi\u0142 prezydencj\u0119 chorwack\u0105 o zwo\u0142anie spotkania ministr\u00f3w zdrowia UE. Minister Spahn wcze\u015bniej wymieni\u0142 pogl\u0105dy ze swoim brytyjskim odpowiednikiem Mattem Hancockiem. Wczoraj ministrowie zdrowia kraj\u00f3w G7 uzgodnili wsp\u00f3lne podej\u015bcie podczas po\u0142\u0105czenia konferencyjnego.<\/p>\n<p>Mo\u017cemy skutecznie walczy\u0107 z wirusem koronowym tylko wtedy, gdy b\u0119dziemy wsp\u00f3\u0142pracowa\u0107.<\/p>\n<p>Minister zdrowia Jens Spahn<br \/>\n2 lutego 2020 r<br \/>\n31 stycznia 2020 r<br \/>\nOczekuje si\u0119, \u017ce oko\u0142o 100 os\u00f3b powr\u00f3ci z Niemiec do Wuhan 1 lutego 2020 r . Powracaj\u0105cy zacz\u0119li bez objaw\u00f3w. Ze wzgl\u0119d\u00f3w bezpiecze\u0144stwa oraz w celu ochrony ich i innych os\u00f3b s\u0105 oni izolowani w zakwaterowaniu w Germersheim w Nadrenii-Palatynacie na okres od 12 do 15 dni.<\/p>\n<p>Je\u015bli zarzucisz mi, \u017ce za dwa tygodnie jestem zbyt ostro\u017cny, ciesz\u0119 si\u0119 &#8211; bo wtedy wszystko posz\u0142o dobrze.<\/p>\n<p>Federalny Minister Zdrowia Jens Spahn<br \/>\n30 stycznia 2020 r<\/p>\n<p>27 stycznia 2020 r<br \/>\nWirus koronowy dotar\u0142 do Niemiec. M\u0119\u017cczyzna z okr\u0119gu Starnberg w Bawarii zosta\u0142 zara\u017cony, powiedzia\u0142 rzecznik Ministerstwa Zdrowia w Monachium. Zosta\u0142 odizolowany, otrzymuje opiek\u0119 medyczn\u0105 i jest w dobrym stanie klinicznym. Jednak ryzyko rozprzestrzeniania si\u0119 wirusa w Niemczech jest nadal niskie.<\/p>\n<p>Wirus mia\u0142 dotrze\u0107 do Niemiec. Przypadek z Bawarii pokazuje jednak, \u017ce jeste\u015bmy na to dobrze przygotowani. Wed\u0142ug RKI ryzyko dla zdrowia ludzi w Niemczech spowodowane now\u0105 chorob\u0105 uk\u0142adu oddechowego z Chin pozostaje niskie.<\/p>\n","protected":false},"excerpt":{"rendered":"<p>https:\/\/www.bundesgesundheitsministerium.de\/coronavirus\/chronik-coronavirus.html 3 kwietnia 2020 r Do ko\u0144ca tygodnia przyby\u0142o do Niemiec 37 milion\u00f3w masek ochronnych. \u201eByli\u015bmy w stanie zdoby\u0107 i dystrybuowa\u0107 sprz\u0119t ochronny\u201d &#8211; powiedzia\u0142 federalny minister zdrowia Jens Spahn podczas wizyty w centrum logistycznym FIEGE w Apfelst\u00e4dt \/ Turyngia. W tym przypadku sprz\u0119t ochronny medyczny, kt\u00f3rego potrzebujemy, aby poradzi\u0107 sobie z epidemi\u0105 korony, jest dostarczany i dostarczany centralnie. Bardzo si\u0119 ciesz\u0119, \u017ce tu jestem i \u017ce mog\u0142em zdoby\u0107 i rozprowadzi\u0107 wyposa\u017cenie ochronne. Wykorzystali\u015bmy czas i przygotowali\u015bmy si\u0119. Ale jeszcze nie jeste\u015bmy za g\u00f3r\u0105. Musimy chroni\u0107 naszych lekarzy, nasze piel\u0119gniarki &#8211; wszystkich, kt\u00f3rzy obecnie pr\u00f3buj\u0105 powstrzyma\u0107 koronawirusa w szpitalach, gabinetach [&hellip;]<\/p>\n","protected":false},"author":274,"featured_media":0,"parent":0,"menu_order":0,"comment_status":"open","ping_status":"open","template":"","meta":{"footnotes":""},"class_list":["post-3446","page","type-page","status-publish","hentry"],"_links":{"self":[{"href":"https:\/\/blog-bobika.eu\/index.php?rest_route=\/wp\/v2\/pages\/3446","targetHints":{"allow":["GET"]}}],"collection":[{"href":"https:\/\/blog-bobika.eu\/index.php?rest_route=\/wp\/v2\/pages"}],"about":[{"href":"https:\/\/blog-bobika.eu\/index.php?rest_route=\/wp\/v2\/types\/page"}],"author":[{"embeddable":true,"href":"https:\/\/blog-bobika.eu\/index.php?rest_route=\/wp\/v2\/users\/274"}],"replies":[{"embeddable":true,"href":"https:\/\/blog-bobika.eu\/index.php?rest_route=%2Fwp%2Fv2%2Fcomments&post=3446"}],"version-history":[{"count":3,"href":"https:\/\/blog-bobika.eu\/index.php?rest_route=\/wp\/v2\/pages\/3446\/revisions"}],"predecessor-version":[{"id":3450,"href":"https:\/\/blog-bobika.eu\/index.php?rest_route=\/wp\/v2\/pages\/3446\/revisions\/3450"}],"wp:attachment":[{"href":"https:\/\/blog-bobika.eu\/index.php?rest_route=%2Fwp%2Fv2%2Fmedia&parent=3446"}],"curies":[{"name":"wp","href":"https:\/\/api.w.org\/{rel}","templated":true}]}}